{"id":1969,"date":"2025-04-22T10:46:39","date_gmt":"2025-04-22T10:46:39","guid":{"rendered":"https:\/\/chave.cec.es\/?page_id=1969"},"modified":"2025-04-22T10:56:41","modified_gmt":"2025-04-22T10:56:41","slug":"proxecto-2025","status":"publish","type":"page","link":"https:\/\/chave.cec.es\/index.php\/proxecto-2025\/","title":{"rendered":"Proxecto 2025"},"content":{"rendered":"<div id=\"pl-1969\"  class=\"panel-layout\" ><div id=\"pg-1969-0\"  class=\"panel-grid panel-has-style\" ><div class=\"panel-row-style panel-row-style-for-1969-0\" ><div id=\"pgc-1969-0-0\"  class=\"panel-grid-cell\" ><div id=\"panel-1969-0-0-0\" class=\"so-panel widget widget_text panel-first-child panel-last-child\" data-index=\"0\" >\t\t\t<div class=\"textwidget\"><p class=\"\" data-start=\"319\" data-end=\"492\">Dende o ano 2018, a Confederaci\u00f3n de Empresarios da Coru\u00f1a (CEC) ten subscrito un convenio co Concello da Coru\u00f1a para o desenvolvemento dun <strong data-start=\"459\" data-end=\"491\">Programa Integral de Emprego<\/strong>.<\/p>\n<p class=\"\" data-start=\"494\" data-end=\"1189\">Debido ao \u00e9xito acadado nas anteriores edici\u00f3ns do <em data-start=\"545\" data-end=\"570\">Plan Laboral CEC Coru\u00f1a<\/em> \u2014nas que se analizou o mercado laboral da contorna, identificando empresas empregadoras e seleccionando demandantes de emprego con perf\u00eds af\u00edns \u00e1s devanditas demandas\u2014, dende a CEC propo\u00f1emos para esta nova edici\u00f3n 2025 unha versi\u00f3n do proxecto m\u00e1is adaptada \u00e1s necesidades e suxesti\u00f3ns realizadas polos\/as participantes (m\u00e1is horas de formaci\u00f3n pr\u00e1ctica, m\u00e1is contidos relacionados coas ferramentas para a procura de emprego), mantendo o mesmo obxectivo: <strong data-start=\"1027\" data-end=\"1123\">dotar \u00e1s persoas candidatas de ferramentas axeitadas para a s\u00faa inserci\u00f3n no mercado laboral<\/strong>, mediante a formaci\u00f3n en competencias e habilidades transversais.<\/p>\n<\/div>\n\t\t<\/div><\/div><\/div><\/div><div id=\"pg-1969-1\"  class=\"panel-grid panel-has-style\" ><div class=\"panel-row-style panel-row-style-for-1969-1\" ><div id=\"pgc-1969-1-0\"  class=\"panel-grid-cell\" ><div id=\"panel-1969-1-0-0\" class=\"so-panel widget widget_themegrill_flash_heading tg-widget section-title-wrapper panel-first-child panel-last-child\" data-index=\"1\" >\t<h3 class=\"section-title\">OBXECTIVOS XERAIS<\/h3>\n<\/div><\/div><\/div><\/div><div id=\"pg-1969-2\"  class=\"panel-grid panel-has-style\" ><div class=\"siteorigin-panels-stretch panel-row-style panel-row-style-for-1969-2\" data-stretch-type=\"full\" ><div id=\"pgc-1969-2-0\"  class=\"panel-grid-cell\" ><div id=\"panel-1969-2-0-0\" class=\"so-panel widget widget_themegrill_flash_service tg-widget tg-single-service panel-first-child panel-last-child\" data-index=\"2\" >\n<div class=\"tg-service-widget tg-service-layout-2\">\n\t<div class=\"service-wrapper\">\n\t\t<div class=\"service-icon-title-wrapper clearfix\">\n\t\t\t\t\t\t\t\t\t<figure class=\"service-image-wrap\"><img decoding=\"async\" src=\"\/wp-content\/uploads\/2018\/09\/O1.jpg\" \/><\/figure>\n\t\t\t\t\t\t\t\t\t<h3 class=\"service-title-wrap\">\n\t\t\t\tPrimeiro Obxectivo\t\t\t\t\t\t\t<\/h3>\n\t\t\t\t\t<\/div>\n\t\t\t\t<div class=\"service-content-wrap\">Facilitar o acceso ao mercado laboral das persoas participantes no Plan<\/div>\n\t\t\t\t\t<\/div>\n<\/div>\n<\/div><\/div><div id=\"pgc-1969-2-1\"  class=\"panel-grid-cell\" ><div id=\"panel-1969-2-1-0\" class=\"so-panel widget widget_themegrill_flash_service tg-widget tg-single-service panel-first-child panel-last-child\" data-index=\"3\" >\n<div class=\"tg-service-widget tg-service-layout-2\">\n\t<div class=\"service-wrapper\">\n\t\t<div class=\"service-icon-title-wrapper clearfix\">\n\t\t\t\t\t\t\t\t\t<figure class=\"service-image-wrap\"><img decoding=\"async\" src=\"\/wp-content\/uploads\/2018\/09\/O2.jpg\" \/><\/figure>\n\t\t\t\t\t\t\t\t\t<h3 class=\"service-title-wrap\">\n\t\t\t\tSegundo Obxectivo\t\t\t\t\t\t\t<\/h3>\n\t\t\t\t\t<\/div>\n\t\t\t\t<div class=\"service-content-wrap\">Mellorar a s\u00faa formaci\u00f3n e habilidades para a inserci\u00f3n laboral, aumentando os seus co\u00f1ecementos, actitudes e aptitudes para a empregabilidade.<\/div>\n\t\t\t\t\t<\/div>\n<\/div>\n<\/div><\/div><div id=\"pgc-1969-2-2\"  class=\"panel-grid-cell\" ><div id=\"panel-1969-2-2-0\" class=\"so-panel widget widget_themegrill_flash_service tg-widget tg-single-service panel-first-child panel-last-child\" data-index=\"4\" >\n<div class=\"tg-service-widget tg-service-layout-2\">\n\t<div class=\"service-wrapper\">\n\t\t<div class=\"service-icon-title-wrapper clearfix\">\n\t\t\t\t\t\t\t\t\t<figure class=\"service-image-wrap\"><img decoding=\"async\" src=\"\/wp-content\/uploads\/2018\/09\/O3.jpg\" \/><\/figure>\n\t\t\t\t\t\t\t\t\t<h3 class=\"service-title-wrap\">\n\t\t\t\tTercer Obxectivo\t\t\t\t\t\t\t<\/h3>\n\t\t\t\t\t<\/div>\n\t\t\t\t<div class=\"service-content-wrap\">Levar a cabo procesos de intermediaci\u00f3n laboral entre empresas e participantes<\/div>\n\t\t\t\t\t<\/div>\n<\/div>\n<\/div><\/div><\/div><\/div><div id=\"pg-1969-3\"  class=\"panel-grid panel-no-style\" ><div id=\"pgc-1969-3-0\"  class=\"panel-grid-cell\" ><div id=\"panel-1969-3-0-0\" class=\"so-panel widget widget_themegrill_flash_heading tg-widget section-title-wrapper panel-first-child panel-last-child\" data-index=\"5\" >\t<h3 class=\"section-title\">OBXECTIVOS<\/h3>\n<\/div><\/div><\/div><div id=\"pg-1969-4\"  class=\"panel-grid panel-has-style\" ><div class=\"panel-row-style panel-row-style-for-1969-4\" ><div id=\"pgc-1969-4-0\"  class=\"panel-grid-cell\" ><div id=\"panel-1969-4-0-0\" class=\"so-panel widget widget_text panel-first-child panel-last-child\" data-index=\"6\" >\t\t\t<div class=\"textwidget\"><p><img loading=\"lazy\" decoding=\"async\" class=\"aligncenter size-full wp-image-1973\" src=\"https:\/\/chave.cec.es\/wp-content\/uploads\/2025\/04\/obxectivos-2025.jpg\" alt=\"Obxectivos Plan Laboral CEC 2025\" width=\"974\" height=\"611\" srcset=\"https:\/\/chave.cec.es\/wp-content\/uploads\/2025\/04\/obxectivos-2025.jpg 974w, https:\/\/chave.cec.es\/wp-content\/uploads\/2025\/04\/obxectivos-2025-300x188.jpg 300w, https:\/\/chave.cec.es\/wp-content\/uploads\/2025\/04\/obxectivos-2025-768x482.jpg 768w\" sizes=\"auto, (max-width: 974px) 100vw, 974px\" \/><\/p>\n<\/div>\n\t\t<\/div><\/div><\/div><\/div><div id=\"pg-1969-5\"  class=\"panel-grid panel-has-style\" ><div class=\"panel-row-style panel-row-style-for-1969-5\" ><div id=\"pgc-1969-5-0\"  class=\"panel-grid-cell\" ><div id=\"panel-1969-5-0-0\" class=\"so-panel widget widget_themegrill_flash_heading tg-widget section-title-wrapper panel-first-child\" data-index=\"7\" >\t<h3 class=\"section-title\">COLECTIVOS BENEFICIARIOS<\/h3>\n\t<div class=\"section-description\">Persoas en situaci\u00f3n de desemprego<\/div>\n<\/div><div id=\"panel-1969-5-0-1\" class=\"so-panel widget widget_text panel-last-child\" data-index=\"8\" >\t\t\t<div class=\"textwidget\"><h3><img loading=\"lazy\" decoding=\"async\" class=\"aligncenter size-full wp-image-721\" src=\"\/wp-content\/uploads\/2018\/08\/imagenProxecto.jpg\" alt=\"Proxecto\" width=\"1047\" height=\"410\" srcset=\"https:\/\/chave.cec.es\/wp-content\/uploads\/2018\/08\/imagenProxecto.jpg 1047w, https:\/\/chave.cec.es\/wp-content\/uploads\/2018\/08\/imagenProxecto-300x117.jpg 300w, https:\/\/chave.cec.es\/wp-content\/uploads\/2018\/08\/imagenProxecto-768x301.jpg 768w, https:\/\/chave.cec.es\/wp-content\/uploads\/2018\/08\/imagenProxecto-1024x401.jpg 1024w\" sizes=\"auto, (max-width: 1047px) 100vw, 1047px\" \/><\/h3>\n<\/div>\n\t\t<\/div><\/div><\/div><\/div><div id=\"pg-1969-6\"  class=\"panel-grid panel-has-style\" ><div class=\"panel-row-style panel-row-style-for-1969-6\" ><div id=\"pgc-1969-6-0\"  class=\"panel-grid-cell\" ><div id=\"panel-1969-6-0-0\" class=\"so-panel widget widget_themegrill_flash_heading tg-widget section-title-wrapper panel-first-child panel-last-child\" data-index=\"9\" >\t<h3 class=\"section-title\">ACTUACI\u00d3NS ESPEC\u00cdFICAS<\/h3>\n<\/div><\/div><\/div><\/div><div id=\"pg-1969-7\"  class=\"panel-grid panel-has-style\" ><div class=\"siteorigin-panels-stretch panel-row-style panel-row-style-for-1969-7\" data-stretch-type=\"full\" ><div id=\"pgc-1969-7-0\"  class=\"panel-grid-cell\" ><div id=\"panel-1969-7-0-0\" class=\"so-panel widget widget_themegrill_flash_service tg-widget tg-single-service panel-first-child panel-last-child\" data-index=\"10\" >\n<div class=\"tg-service-widget tg-service-layout-2\">\n\t<div class=\"service-wrapper\">\n\t\t<div class=\"service-icon-title-wrapper clearfix\">\n\t\t\t\t\t\t<div class=\"service-icon-wrap\"><i class=\"fa fa-bullhorn\"><\/i><\/div>\n\t\t\t\t\t\t\t\t\t\t\t\t<h3 class=\"service-title-wrap\">\n\t\t\t\t1. CAPTACI\u00d3N DE CANDIDATOS\/AS E DIFUSI\u00d3N\t\t\t\t\t\t\t<\/h3>\n\t\t\t\t\t<\/div>\n\t\t\t\t<div class=\"service-content-wrap\">Levarase a cabo unha campa\u00f1a de comunicaci\u00f3n por parte do equipo t\u00e9cnico da CEC, as\u00ed como mediante contrataci\u00f3n externa, para dar a co\u00f1ecer o Plan e captar os 100 participantes previstos.<\/div>\n\t\t\t\t\t<\/div>\n<\/div>\n<\/div><\/div><div id=\"pgc-1969-7-1\"  class=\"panel-grid-cell\" ><div id=\"panel-1969-7-1-0\" class=\"so-panel widget widget_themegrill_flash_service tg-widget tg-single-service panel-first-child panel-last-child\" data-index=\"11\" >\n<div class=\"tg-service-widget tg-service-layout-2\">\n\t<div class=\"service-wrapper\">\n\t\t<div class=\"service-icon-title-wrapper clearfix\">\n\t\t\t\t\t\t<div class=\"service-icon-wrap\"><i class=\"fa fa-search\"><\/i><\/div>\n\t\t\t\t\t\t\t\t\t\t\t\t<h3 class=\"service-title-wrap\">\n\t\t\t\t2. SELECCI\u00d3N DE BENEFICIARIOS\t\t\t\t\t\t\t<\/h3>\n\t\t\t\t\t<\/div>\n\t\t\t\t<div class=\"service-content-wrap\">Entre todas as persoas candidatas, o equipo t\u00e9cnico da CEC seleccionar\u00e1 as 60 m\u00e1is id\u00f3neas, que ser\u00e1n entrevistadas e avaliadas para identificar as 30 persoas beneficiarias do programa.<\/div>\n\t\t\t\t\t<\/div>\n<\/div>\n<\/div><\/div><div id=\"pgc-1969-7-2\"  class=\"panel-grid-cell\" ><div id=\"panel-1969-7-2-0\" class=\"so-panel widget widget_themegrill_flash_service tg-widget tg-single-service panel-first-child panel-last-child\" data-index=\"12\" >\n<div class=\"tg-service-widget tg-service-layout-2\">\n\t<div class=\"service-wrapper\">\n\t\t<div class=\"service-icon-title-wrapper clearfix\">\n\t\t\t\t\t\t<div class=\"service-icon-wrap\"><i class=\"fa fa-bullseye\"><\/i><\/div>\n\t\t\t\t\t\t\t\t\t\t\t\t<h3 class=\"service-title-wrap\">\n\t\t\t\t3. PLAN PERSONALIZADO DE EMPREGABILIDADE\t\t\t\t\t\t\t<\/h3>\n\t\t\t\t\t<\/div>\n\t\t\t\t<div class=\"service-content-wrap\">Terase en conta o nivel formativo, as\u00ed como as expectativas persoais e profesionais das persoas candidatas, e a demanda actual do mercado laboral.<\/div>\n\t\t\t\t\t<\/div>\n<\/div>\n<\/div><\/div><div id=\"pgc-1969-7-3\"  class=\"panel-grid-cell\" ><div id=\"panel-1969-7-3-0\" class=\"so-panel widget widget_themegrill_flash_service tg-widget tg-single-service panel-first-child panel-last-child\" data-index=\"13\" >\n<div class=\"tg-service-widget tg-service-layout-2\">\n\t<div class=\"service-wrapper\">\n\t\t<div class=\"service-icon-title-wrapper clearfix\">\n\t\t\t\t\t\t<div class=\"service-icon-wrap\"><i class=\"fa fa-graduation-cap\"><\/i><\/div>\n\t\t\t\t\t\t\t\t\t\t\t\t<h3 class=\"service-title-wrap\">\n\t\t\t\t4. FORMACI\u00d3N\t\t\t\t\t\t\t<\/h3>\n\t\t\t\t\t<\/div>\n\t\t\t\t<div class=\"service-content-wrap\">Formaci\u00f3ns para mellorar a inserci\u00f3n laboral: obxectivo profesional, curr\u00edculum de impacto, emprego 2.0, portafolio, entrevistas, Excel, ingl\u00e9s B1, igualdade e acreditaci\u00f3n docente en teleformaci\u00f3n.<\/div>\n\t\t\t\t\t<\/div>\n<\/div>\n<\/div><\/div><\/div><\/div><div id=\"pg-1969-8\"  class=\"panel-grid panel-has-style\" ><div class=\"siteorigin-panels-stretch panel-row-style panel-row-style-for-1969-8\" data-stretch-type=\"full\" ><div id=\"pgc-1969-8-0\"  class=\"panel-grid-cell\" ><div id=\"panel-1969-8-0-0\" class=\"so-panel widget widget_themegrill_flash_service tg-widget tg-single-service panel-first-child panel-last-child\" data-index=\"14\" >\n<div class=\"tg-service-widget tg-service-layout-2\">\n\t<div class=\"service-wrapper\">\n\t\t<div class=\"service-icon-title-wrapper clearfix\">\n\t\t\t\t\t\t<div class=\"service-icon-wrap\"><i class=\"fa fa-bandcamp\"><\/i><\/div>\n\t\t\t\t\t\t\t\t\t\t\t\t<h3 class=\"service-title-wrap\">\n\t\t\t\t5. ORIENTACI\u00d3N LABORAL\t\t\t\t\t\t\t<\/h3>\n\t\t\t\t\t<\/div>\n\t\t\t\t<div class=\"service-content-wrap\">Realizaranse entrevistas individualizadas ao longo de todo o proxecto, co obxectivo de recoller informaci\u00f3n, avaliar actitudes e asesorar cada participante para mellorar a s\u00faa empregabilidade.<\/div>\n\t\t\t\t\t<\/div>\n<\/div>\n<\/div><\/div><div id=\"pgc-1969-8-1\"  class=\"panel-grid-cell\" ><div id=\"panel-1969-8-1-0\" class=\"so-panel widget widget_themegrill_flash_service tg-widget tg-single-service panel-first-child panel-last-child\" data-index=\"15\" >\n<div class=\"tg-service-widget tg-service-layout-2\">\n\t<div class=\"service-wrapper\">\n\t\t<div class=\"service-icon-title-wrapper clearfix\">\n\t\t\t\t\t\t<div class=\"service-icon-wrap\"><i class=\"fa fa-rocket\"><\/i><\/div>\n\t\t\t\t\t\t\t\t\t\t\t\t<h3 class=\"service-title-wrap\">\n\t\t\t\t6. INTERMEDIACI\u00d3N LABORAL\t\t\t\t\t\t\t<\/h3>\n\t\t\t\t\t<\/div>\n\t\t\t\t<div class=\"service-content-wrap\">Contactarase con empresas da zona para identificar e xestionar oportunidades de emprego, realizarase prospecci\u00f3n en xacementos laborais e publicarase un bolet\u00edn semanal con ofertas de emprego das empresas colaboradoras.<\/div>\n\t\t\t\t\t<\/div>\n<\/div>\n<\/div><\/div><div id=\"pgc-1969-8-2\"  class=\"panel-grid-cell\" ><div id=\"panel-1969-8-2-0\" class=\"so-panel widget widget_themegrill_flash_service tg-widget tg-single-service panel-first-child panel-last-child\" data-index=\"16\" >\n<div class=\"tg-service-widget tg-service-layout-2\">\n\t<div class=\"service-wrapper\">\n\t\t<div class=\"service-icon-title-wrapper clearfix\">\n\t\t\t\t\t\t<div class=\"service-icon-wrap\"><i class=\"fa fa-smile-o\"><\/i><\/div>\n\t\t\t\t\t\t\t\t\t\t\t\t<h3 class=\"service-title-wrap\">\n\t\t\t\t7. MENTORING PARA INICIATIVAS EMPRENDEDORAS\t\t\t\t\t\t\t<\/h3>\n\t\t\t\t\t<\/div>\n\t\t\t\t<div class=\"service-content-wrap\">Ofrecerase acompa\u00f1amento \u00e1s persoas participantes que te\u00f1an unha idea de negocio, axud\u00e1ndoas a configurar o seu plan de empresa e guialas no proceso de creaci\u00f3n.<\/div>\n\t\t\t\t\t<\/div>\n<\/div>\n<\/div><\/div><div id=\"pgc-1969-8-3\"  class=\"panel-grid-cell\" ><div id=\"panel-1969-8-3-0\" class=\"so-panel widget widget_themegrill_flash_service tg-widget tg-single-service panel-first-child panel-last-child\" data-index=\"17\" >\n<div class=\"tg-service-widget tg-service-layout-2\">\n\t<div class=\"service-wrapper\">\n\t\t<div class=\"service-icon-title-wrapper clearfix\">\n\t\t\t\t\t\t<div class=\"service-icon-wrap\"><i class=\"fa fa-flag-checkered\"><\/i><\/div>\n\t\t\t\t\t\t\t\t\t\t\t\t<h3 class=\"service-title-wrap\">\n\t\t\t\t8. AVALIACI\u00d3N E PECHE DO PROXECTO\t\t\t\t\t\t\t<\/h3>\n\t\t\t\t\t<\/div>\n\t\t\t\t<div class=\"service-content-wrap\">Elaborarase un informe de avaliaci\u00f3n da calidade do proxecto, baseado en enquisas realizadas \u00e1s persoas participantes e nas opini\u00f3ns dos\/as t\u00e9cnicos\/as e docentes.<\/div>\n\t\t\t\t\t<\/div>\n<\/div>\n<\/div><\/div><\/div><\/div><div id=\"pg-1969-9\"  class=\"panel-grid panel-has-style\" ><div class=\"panel-row-style panel-row-style-for-1969-9\" ><div id=\"pgc-1969-9-0\"  class=\"panel-grid-cell\" ><div id=\"panel-1969-9-0-0\" class=\"so-panel widget widget_themegrill_flash_heading tg-widget section-title-wrapper panel-first-child\" data-index=\"18\" >\t<h3 class=\"section-title\">CONTIDOS DA ACCI\u00d3N FORMATIVA<\/h3>\n\t<div class=\"section-description\">Os contidos organ\u00edzanse en 2 bloques tem\u00e1ticos, o que implica 11 m\u00f3dulos a impartir, seg\u00fan o seguinte esquema<\/div>\n<\/div><div id=\"panel-1969-9-0-1\" class=\"so-panel widget widget_text panel-last-child\" data-index=\"19\" >\t\t\t<div class=\"textwidget\"><table style=\"height: 571px;\" width=\"1276\">\n<tbody>\n<tr>\n<td>Tipo de formaci\u00f3n<\/td>\n<td>M\u00f3dulo Formativo<\/td>\n<\/tr>\n<tr>\n<td rowspan=\"6\">P\u00edldoras Formativas<\/td>\n<td>Define\u00a0 o teu obxectivo profesional<\/td>\n<\/tr>\n<tr>\n<td>Curr\u00edculum de impacto<\/td>\n<\/tr>\n<tr>\n<td>Procura de emprego 2.0<\/td>\n<\/tr>\n<tr>\n<td>Creaci\u00f3n dun portafolio en li\u00f1a<\/td>\n<\/tr>\n<tr>\n<td>Candidaturas espont\u00e1neas e networking<\/td>\n<\/tr>\n<tr>\n<td>C\u00f3mo superar unha entrevista de traballo<\/td>\n<\/tr>\n<tr>\n<td rowspan=\"4\">Cursos<\/td>\n<td>Excel<\/td>\n<\/tr>\n<tr>\n<td>Ingl\u00e9s B1<\/td>\n<\/tr>\n<tr>\n<td>Igualdade<\/td>\n<\/tr>\n<tr>\n<td>Acreditaci\u00f3n Docente para a Teleformaci\u00f3n<\/td>\n<\/tr>\n<\/tbody>\n<\/table>\n<\/div>\n\t\t<\/div><\/div><\/div><\/div><div id=\"pg-1969-10\"  class=\"panel-grid panel-no-style\" ><div id=\"pgc-1969-10-0\"  class=\"panel-grid-cell\" ><div id=\"panel-1969-10-0-0\" class=\"so-panel widget widget_themegrill_flash_cta tg-widget call-to-action-section panel-first-child\" data-index=\"20\" ><div class=\"panel-widget-style panel-widget-style-for-1969-10-0-0\" ><div class=\"cta-wrapper \">\n\t<div class=\"section-title-wrapper\">\n\t\t\t\t<h3 class=\"section-title\">EST\u00c1S SEN EMPREGO OU NECESITAS ORIENTACI\u00d3N?<\/h3>\n\t\t\t<\/div>\n\t\t<div class=\"btn-wrapper\">\n\t\t\t\t<a class=\"btn\" href=\"\/index.php\/contactar\/\">Axud\u00e1mosche gratis!<\/a>\n\t\t\t\t\t<\/div>\n\t<\/div>\n<\/div><\/div><div id=\"panel-1969-10-0-1\" class=\"so-panel widget widget_themegrill_flash_heading tg-widget section-title-wrapper\" data-index=\"21\" >\t<h3 class=\"section-title\">FINANCIADO POR<\/h3>\n<\/div><div id=\"panel-1969-10-0-2\" class=\"so-panel widget widget_themegrill_flash_image tg-widget tg-image-widget panel-last-child\" data-index=\"22\" ><div class=\"panel-widget-style panel-widget-style-for-1969-10-0-2\" >\t<a href=\"http:\/\/www.coruna.gal\/portal\/es?argIdioma=es\"><img decoding=\"async\" src=\"https:\/\/chave.cec.es\/wp-content\/uploads\/2020\/09\/logotipoAyuntamientoCoruna2020.png\" \/><\/a>\n<\/div><\/div><\/div><\/div><\/div>","protected":false},"excerpt":{"rendered":"<p>Dende o ano 2018, a Confederaci\u00f3n de Empresarios da Coru\u00f1a (CEC) ten subscrito un convenio co Concello da Coru\u00f1a para [&hellip;]<\/p>\n","protected":false},"author":1,"featured_media":0,"parent":0,"menu_order":0,"comment_status":"closed","ping_status":"closed","template":"page-templates\/full-width.php","meta":{"footnotes":""},"class_list":["post-1969","page","type-page","status-publish","hentry"],"_links":{"self":[{"href":"https:\/\/chave.cec.es\/index.php\/wp-json\/wp\/v2\/pages\/1969","targetHints":{"allow":["GET"]}}],"collection":[{"href":"https:\/\/chave.cec.es\/index.php\/wp-json\/wp\/v2\/pages"}],"about":[{"href":"https:\/\/chave.cec.es\/index.php\/wp-json\/wp\/v2\/types\/page"}],"author":[{"embeddable":true,"href":"https:\/\/chave.cec.es\/index.php\/wp-json\/wp\/v2\/users\/1"}],"replies":[{"embeddable":true,"href":"https:\/\/chave.cec.es\/index.php\/wp-json\/wp\/v2\/comments?post=1969"}],"version-history":[{"count":11,"href":"https:\/\/chave.cec.es\/index.php\/wp-json\/wp\/v2\/pages\/1969\/revisions"}],"predecessor-version":[{"id":1972,"href":"https:\/\/chave.cec.es\/index.php\/wp-json\/wp\/v2\/pages\/1969\/revisions\/1972"}],"wp:attachment":[{"href":"https:\/\/chave.cec.es\/index.php\/wp-json\/wp\/v2\/media?parent=1969"}],"curies":[{"name":"wp","href":"https:\/\/api.w.org\/{rel}","templated":true}]}}