{"id":1791,"date":"2024-06-26T11:39:15","date_gmt":"2024-06-26T11:39:15","guid":{"rendered":"https:\/\/chave.cec.es\/?page_id=1791"},"modified":"2024-06-28T07:06:45","modified_gmt":"2024-06-28T07:06:45","slug":"proxecto-2024","status":"publish","type":"page","link":"https:\/\/chave.cec.es\/index.php\/proxecto-2024\/","title":{"rendered":"Proxecto 2024"},"content":{"rendered":"<div id=\"pl-1791\"  class=\"panel-layout\" ><div id=\"pg-1791-0\"  class=\"panel-grid panel-has-style\" ><div class=\"panel-row-style panel-row-style-for-1791-0\" ><div id=\"pgc-1791-0-0\"  class=\"panel-grid-cell\" ><div id=\"panel-1791-0-0-0\" class=\"so-panel widget widget_text panel-first-child panel-last-child\" data-index=\"0\" >\t\t\t<div class=\"textwidget\"><p>Dende o ano 2018 a Confederaci\u00f3n de Empresarios de La Coru\u00f1a (CEC) ten subscrito un convenio co Concello da Coru\u00f1a para o desenvolvemento de un Plan integral de emprego. Debido ao \u00e9xito acadado nas anteriores edici\u00f3ns do Plan Laboral CEC Coru\u00f1a, onde analizamos o mercado laboral da contorna da Coru\u00f1a, identificando empresas empregadoras e seleccionando a demandantes de emprego con perf\u00eds af\u00edns \u00e1s devanditas demandas, dende a Confederaci\u00f3n de Empresarios de La\u00a0 Coru\u00f1a (CEC) plantexamos para esta nova edici\u00f3n 2024 unha versi\u00f3n do proxecto m\u00e1is adaptada \u00e1s necesidades e suxesti\u00f3ns realizadas polos\/as beneficiarios\/as participantes (m\u00e1is horas de formaci\u00f3n pr\u00e1ctica, m\u00e1is formaci\u00f3ns relacionada coas ferrmentas cara a procura de emprego e m\u00e1is sesi\u00f3ns de orientaci\u00f3ns grupais),\u00a0 pero co mesmo obxectivo de dotar aos\/\u00e1s\u00a0 candidatos\/as de ferramentas axeitadas para a s\u00faa inserci\u00f3n no mercado laboral, mediante a formaci\u00f3n en competencias e habilidades transversais.<\/p>\n<\/div>\n\t\t<\/div><\/div><\/div><\/div><div id=\"pg-1791-1\"  class=\"panel-grid panel-has-style\" ><div class=\"panel-row-style panel-row-style-for-1791-1\" ><div id=\"pgc-1791-1-0\"  class=\"panel-grid-cell\" ><div id=\"panel-1791-1-0-0\" class=\"so-panel widget widget_themegrill_flash_heading tg-widget section-title-wrapper panel-first-child panel-last-child\" data-index=\"1\" >\t<h3 class=\"section-title\">OBXECTIVOS XERAIS<\/h3>\n<\/div><\/div><\/div><\/div><div id=\"pg-1791-2\"  class=\"panel-grid panel-has-style\" ><div class=\"siteorigin-panels-stretch panel-row-style panel-row-style-for-1791-2\" data-stretch-type=\"full\" ><div id=\"pgc-1791-2-0\"  class=\"panel-grid-cell\" ><div id=\"panel-1791-2-0-0\" class=\"so-panel widget widget_themegrill_flash_service tg-widget tg-single-service panel-first-child panel-last-child\" data-index=\"2\" >\n<div class=\"tg-service-widget tg-service-layout-2\">\n\t<div class=\"service-wrapper\">\n\t\t<div class=\"service-icon-title-wrapper clearfix\">\n\t\t\t\t\t\t\t\t\t<figure class=\"service-image-wrap\"><img decoding=\"async\" src=\"\/wp-content\/uploads\/2018\/09\/O1.jpg\" \/><\/figure>\n\t\t\t\t\t\t\t\t\t<h3 class=\"service-title-wrap\">\n\t\t\t\tPrimeiro Obxectivo\t\t\t\t\t\t\t<\/h3>\n\t\t\t\t\t<\/div>\n\t\t\t\t<div class=\"service-content-wrap\">Facilitar o acceso ao mercado laboral das persoas participantes no Plan<\/div>\n\t\t\t\t\t<\/div>\n<\/div>\n<\/div><\/div><div id=\"pgc-1791-2-1\"  class=\"panel-grid-cell\" ><div id=\"panel-1791-2-1-0\" class=\"so-panel widget widget_themegrill_flash_service tg-widget tg-single-service panel-first-child panel-last-child\" data-index=\"3\" >\n<div class=\"tg-service-widget tg-service-layout-2\">\n\t<div class=\"service-wrapper\">\n\t\t<div class=\"service-icon-title-wrapper clearfix\">\n\t\t\t\t\t\t\t\t\t<figure class=\"service-image-wrap\"><img decoding=\"async\" src=\"\/wp-content\/uploads\/2018\/09\/O2.jpg\" \/><\/figure>\n\t\t\t\t\t\t\t\t\t<h3 class=\"service-title-wrap\">\n\t\t\t\tSegundo Obxectivo\t\t\t\t\t\t\t<\/h3>\n\t\t\t\t\t<\/div>\n\t\t\t\t<div class=\"service-content-wrap\">Aumentar a s\u00faa formaci\u00f3n e habilidades para a inserci\u00f3n laboral, mellorando os seus co\u00f1ecementos, actitudes e aptitudes para a empregabilidade.<\/div>\n\t\t\t\t\t<\/div>\n<\/div>\n<\/div><\/div><div id=\"pgc-1791-2-2\"  class=\"panel-grid-cell\" ><div id=\"panel-1791-2-2-0\" class=\"so-panel widget widget_themegrill_flash_service tg-widget tg-single-service panel-first-child panel-last-child\" data-index=\"4\" >\n<div class=\"tg-service-widget tg-service-layout-2\">\n\t<div class=\"service-wrapper\">\n\t\t<div class=\"service-icon-title-wrapper clearfix\">\n\t\t\t\t\t\t\t\t\t<figure class=\"service-image-wrap\"><img decoding=\"async\" src=\"\/wp-content\/uploads\/2018\/09\/O3.jpg\" \/><\/figure>\n\t\t\t\t\t\t\t\t\t<h3 class=\"service-title-wrap\">\n\t\t\t\tTercer Obxectivo\t\t\t\t\t\t\t<\/h3>\n\t\t\t\t\t<\/div>\n\t\t\t\t<div class=\"service-content-wrap\">Levar a cabo procesos de intermediaci\u00f3n laboral entre empresas e as persoas participantes<\/div>\n\t\t\t\t\t<\/div>\n<\/div>\n<\/div><\/div><\/div><\/div><div id=\"pg-1791-3\"  class=\"panel-grid panel-no-style\" ><div id=\"pgc-1791-3-0\"  class=\"panel-grid-cell\" ><div id=\"panel-1791-3-0-0\" class=\"so-panel widget widget_themegrill_flash_heading tg-widget section-title-wrapper panel-first-child panel-last-child\" data-index=\"5\" >\t<h3 class=\"section-title\">OBXECTIVOS<\/h3>\n<\/div><\/div><\/div><div id=\"pg-1791-4\"  class=\"panel-grid panel-has-style\" ><div class=\"panel-row-style panel-row-style-for-1791-4\" ><div id=\"pgc-1791-4-0\"  class=\"panel-grid-cell\" ><div id=\"panel-1791-4-0-0\" class=\"so-panel widget widget_text panel-first-child panel-last-child\" data-index=\"6\" >\t\t\t<div class=\"textwidget\"><p><img loading=\"lazy\" decoding=\"async\" class=\"aligncenter wp-image-1795 size-full\" src=\"https:\/\/chave.cec.es\/wp-content\/uploads\/2024\/06\/obxectivos-2024.jpg\" alt=\"\" width=\"974\" height=\"611\" srcset=\"https:\/\/chave.cec.es\/wp-content\/uploads\/2024\/06\/obxectivos-2024.jpg 974w, https:\/\/chave.cec.es\/wp-content\/uploads\/2024\/06\/obxectivos-2024-300x188.jpg 300w, https:\/\/chave.cec.es\/wp-content\/uploads\/2024\/06\/obxectivos-2024-768x482.jpg 768w\" sizes=\"auto, (max-width: 974px) 100vw, 974px\" \/><\/p>\n<\/div>\n\t\t<\/div><\/div><\/div><\/div><div id=\"pg-1791-5\"  class=\"panel-grid panel-has-style\" ><div class=\"panel-row-style panel-row-style-for-1791-5\" ><div id=\"pgc-1791-5-0\"  class=\"panel-grid-cell\" ><div id=\"panel-1791-5-0-0\" class=\"so-panel widget widget_themegrill_flash_heading tg-widget section-title-wrapper panel-first-child\" data-index=\"7\" >\t<h3 class=\"section-title\">COLECTIVOS BENEFICIARIOS<\/h3>\n\t<div class=\"section-description\">Persoas en situaci\u00f3n de desemprego<\/div>\n<\/div><div id=\"panel-1791-5-0-1\" class=\"so-panel widget widget_text panel-last-child\" data-index=\"8\" >\t\t\t<div class=\"textwidget\"><h3><img loading=\"lazy\" decoding=\"async\" class=\"aligncenter size-full wp-image-721\" src=\"\/wp-content\/uploads\/2018\/08\/imagenProxecto.jpg\" alt=\"Proxecto\" width=\"1047\" height=\"410\" srcset=\"https:\/\/chave.cec.es\/wp-content\/uploads\/2018\/08\/imagenProxecto.jpg 1047w, https:\/\/chave.cec.es\/wp-content\/uploads\/2018\/08\/imagenProxecto-300x117.jpg 300w, https:\/\/chave.cec.es\/wp-content\/uploads\/2018\/08\/imagenProxecto-768x301.jpg 768w, https:\/\/chave.cec.es\/wp-content\/uploads\/2018\/08\/imagenProxecto-1024x401.jpg 1024w\" sizes=\"auto, (max-width: 1047px) 100vw, 1047px\" \/><\/h3>\n<\/div>\n\t\t<\/div><\/div><\/div><\/div><div id=\"pg-1791-6\"  class=\"panel-grid panel-has-style\" ><div class=\"panel-row-style panel-row-style-for-1791-6\" ><div id=\"pgc-1791-6-0\"  class=\"panel-grid-cell\" ><div id=\"panel-1791-6-0-0\" class=\"so-panel widget widget_themegrill_flash_heading tg-widget section-title-wrapper panel-first-child panel-last-child\" data-index=\"9\" >\t<h3 class=\"section-title\">ACTUACI\u00d3NS ESPEC\u00cdFICAS<\/h3>\n<\/div><\/div><\/div><\/div><div id=\"pg-1791-7\"  class=\"panel-grid panel-has-style\" ><div class=\"siteorigin-panels-stretch panel-row-style panel-row-style-for-1791-7\" data-stretch-type=\"full\" ><div id=\"pgc-1791-7-0\"  class=\"panel-grid-cell\" ><div id=\"panel-1791-7-0-0\" class=\"so-panel widget widget_themegrill_flash_service tg-widget tg-single-service panel-first-child panel-last-child\" data-index=\"10\" >\n<div class=\"tg-service-widget tg-service-layout-2\">\n\t<div class=\"service-wrapper\">\n\t\t<div class=\"service-icon-title-wrapper clearfix\">\n\t\t\t\t\t\t<div class=\"service-icon-wrap\"><i class=\"fa fa-bullhorn\"><\/i><\/div>\n\t\t\t\t\t\t\t\t\t\t\t\t<h3 class=\"service-title-wrap\">\n\t\t\t\t1. CAPTACI\u00d3N DE CANDIDATOS\/AS E DIFUSI\u00d3N\t\t\t\t\t\t\t<\/h3>\n\t\t\t\t\t<\/div>\n\t\t\t\t<div class=\"service-content-wrap\">Levarase a cabo unha campa\u00f1a de comunicaci\u00f3n para dar a co\u00f1ecer o Plan Laboral CEC Coru\u00f1a polo equipo t\u00e9cnico da CEC e contrataci\u00f3n externa para captar os 120 participantes previstos.<\/div>\n\t\t\t\t\t<\/div>\n<\/div>\n<\/div><\/div><div id=\"pgc-1791-7-1\"  class=\"panel-grid-cell\" ><div id=\"panel-1791-7-1-0\" class=\"so-panel widget widget_themegrill_flash_service tg-widget tg-single-service panel-first-child panel-last-child\" data-index=\"11\" >\n<div class=\"tg-service-widget tg-service-layout-2\">\n\t<div class=\"service-wrapper\">\n\t\t<div class=\"service-icon-title-wrapper clearfix\">\n\t\t\t\t\t\t<div class=\"service-icon-wrap\"><i class=\"fa fa-search\"><\/i><\/div>\n\t\t\t\t\t\t\t\t\t\t\t\t<h3 class=\"service-title-wrap\">\n\t\t\t\t2. SELECCI\u00d3N DE BENEFICIARIOS\t\t\t\t\t\t\t<\/h3>\n\t\t\t\t\t<\/div>\n\t\t\t\t<div class=\"service-content-wrap\">Entre todas as persoas candidatas, o equipo t\u00e9cnico da CEC, seleccionar\u00e1 as 60 persoas m\u00e1is id\u00f3neas para o proxecto, que ser\u00e1n entrevistadas e avaliadas para identificar os 30 beneficiarios\/as do programa.<\/div>\n\t\t\t\t\t<\/div>\n<\/div>\n<\/div><\/div><div id=\"pgc-1791-7-2\"  class=\"panel-grid-cell\" ><div id=\"panel-1791-7-2-0\" class=\"so-panel widget widget_themegrill_flash_service tg-widget tg-single-service panel-first-child panel-last-child\" data-index=\"12\" >\n<div class=\"tg-service-widget tg-service-layout-2\">\n\t<div class=\"service-wrapper\">\n\t\t<div class=\"service-icon-title-wrapper clearfix\">\n\t\t\t\t\t\t<div class=\"service-icon-wrap\"><i class=\"fa fa-bullseye\"><\/i><\/div>\n\t\t\t\t\t\t\t\t\t\t\t\t<h3 class=\"service-title-wrap\">\n\t\t\t\t3. PLAN PERSONALIZADO DE EMPREGABILIDADE\t\t\t\t\t\t\t<\/h3>\n\t\t\t\t\t<\/div>\n\t\t\t\t<div class=\"service-content-wrap\">Neste Plan terase en conta o nivel formativo, as expectativas persoais e profesionais das persoas candidatas, e a demanda do mercado laboral.<\/div>\n\t\t\t\t\t<\/div>\n<\/div>\n<\/div><\/div><div id=\"pgc-1791-7-3\"  class=\"panel-grid-cell\" ><div id=\"panel-1791-7-3-0\" class=\"so-panel widget widget_themegrill_flash_service tg-widget tg-single-service panel-first-child panel-last-child\" data-index=\"13\" >\n<div class=\"tg-service-widget tg-service-layout-2\">\n\t<div class=\"service-wrapper\">\n\t\t<div class=\"service-icon-title-wrapper clearfix\">\n\t\t\t\t\t\t<div class=\"service-icon-wrap\"><i class=\"fa fa-graduation-cap\"><\/i><\/div>\n\t\t\t\t\t\t\t\t\t\t\t\t<h3 class=\"service-title-wrap\">\n\t\t\t\t4. FORMACI\u00d3N\t\t\t\t\t\t\t<\/h3>\n\t\t\t\t\t<\/div>\n\t\t\t\t<div class=\"service-content-wrap\">Organizaranse formaci\u00f3ns para dotar \u00e1s persoas participantes de ferramentas e recursos para a s\u00faa inserci\u00f3n laboral. Entre moitos temas figurar\u00e1n simulaci\u00f3ns de entrevistas, t\u00e9cnicas de expresi\u00f3n oral, marketing dixital, Acreditaci\u00f3n Docente para a Teleformaci\u00f3n, Ingl\u00e9s ou PRL.<\/div>\n\t\t\t\t\t<\/div>\n<\/div>\n<\/div><\/div><\/div><\/div><div id=\"pg-1791-8\"  class=\"panel-grid panel-has-style\" ><div class=\"siteorigin-panels-stretch panel-row-style panel-row-style-for-1791-8\" data-stretch-type=\"full\" ><div id=\"pgc-1791-8-0\"  class=\"panel-grid-cell\" ><div id=\"panel-1791-8-0-0\" class=\"so-panel widget widget_themegrill_flash_service tg-widget tg-single-service panel-first-child panel-last-child\" data-index=\"14\" >\n<div class=\"tg-service-widget tg-service-layout-2\">\n\t<div class=\"service-wrapper\">\n\t\t<div class=\"service-icon-title-wrapper clearfix\">\n\t\t\t\t\t\t<div class=\"service-icon-wrap\"><i class=\"fa fa-bandcamp\"><\/i><\/div>\n\t\t\t\t\t\t\t\t\t\t\t\t<h3 class=\"service-title-wrap\">\n\t\t\t\t5. ORIENTACI\u00d3N LABORAL\t\t\t\t\t\t\t<\/h3>\n\t\t\t\t\t<\/div>\n\t\t\t\t<div class=\"service-content-wrap\">Levar\u00e1nse a cabo durante todo o proxecto entrevistas de orientaci\u00f3n, para recabar informaci\u00f3n e asesorar ao participante, mediante sesi\u00f3ns individualizadas para avaliar a actitude de cada un dos participantes e traballar as cuesti\u00f3ns que melloren a s\u00faa empregabilidade.<\/div>\n\t\t\t\t\t<\/div>\n<\/div>\n<\/div><\/div><div id=\"pgc-1791-8-1\"  class=\"panel-grid-cell\" ><div id=\"panel-1791-8-1-0\" class=\"so-panel widget widget_themegrill_flash_service tg-widget tg-single-service panel-first-child panel-last-child\" data-index=\"15\" >\n<div class=\"tg-service-widget tg-service-layout-2\">\n\t<div class=\"service-wrapper\">\n\t\t<div class=\"service-icon-title-wrapper clearfix\">\n\t\t\t\t\t\t<div class=\"service-icon-wrap\"><i class=\"fa fa-rocket\"><\/i><\/div>\n\t\t\t\t\t\t\t\t\t\t\t\t<h3 class=\"service-title-wrap\">\n\t\t\t\t6. INTERMEDIACI\u00d3N LABORAL\t\t\t\t\t\t\t<\/h3>\n\t\t\t\t\t<\/div>\n\t\t\t\t<div class=\"service-content-wrap\">Contactarase con empresas da zona que acheguen oportunidades de emprego. Prospecci\u00f3n laboral en xacementos de emprego. Xesti\u00f3n de ofertas de emprego de empresas colaboradoras mediante un bolet\u00edn semanal.<\/div>\n\t\t\t\t\t<\/div>\n<\/div>\n<\/div><\/div><div id=\"pgc-1791-8-2\"  class=\"panel-grid-cell\" ><div id=\"panel-1791-8-2-0\" class=\"so-panel widget widget_themegrill_flash_service tg-widget tg-single-service panel-first-child panel-last-child\" data-index=\"16\" >\n<div class=\"tg-service-widget tg-service-layout-2\">\n\t<div class=\"service-wrapper\">\n\t\t<div class=\"service-icon-title-wrapper clearfix\">\n\t\t\t\t\t\t<div class=\"service-icon-wrap\"><i class=\"fa fa-smile-o\"><\/i><\/div>\n\t\t\t\t\t\t\t\t\t\t\t\t<h3 class=\"service-title-wrap\">\n\t\t\t\t7. MENTORING PARA INICIATIVAS EMPRENDEDORAS\t\t\t\t\t\t\t<\/h3>\n\t\t\t\t\t<\/div>\n\t\t\t\t<div class=\"service-content-wrap\">Ofrecerase acompa\u00f1amento a todas as persoas participantes que te\u00f1an una idea de negocio na configuraci\u00f3n do plan de empresa e todo o proceso de creaci\u00f3n.<\/div>\n\t\t\t\t\t<\/div>\n<\/div>\n<\/div><\/div><div id=\"pgc-1791-8-3\"  class=\"panel-grid-cell\" ><div id=\"panel-1791-8-3-0\" class=\"so-panel widget widget_themegrill_flash_service tg-widget tg-single-service panel-first-child panel-last-child\" data-index=\"17\" >\n<div class=\"tg-service-widget tg-service-layout-2\">\n\t<div class=\"service-wrapper\">\n\t\t<div class=\"service-icon-title-wrapper clearfix\">\n\t\t\t\t\t\t<div class=\"service-icon-wrap\"><i class=\"fa fa-flag-checkered\"><\/i><\/div>\n\t\t\t\t\t\t\t\t\t\t\t\t<h3 class=\"service-title-wrap\">\n\t\t\t\t8. AVALIACI\u00d3N E PECHE DO PROXECTO\t\t\t\t\t\t\t<\/h3>\n\t\t\t\t\t<\/div>\n\t\t\t\t<div class=\"service-content-wrap\">Realizarase un informe de avaliaci\u00f3n de calidade do proxecto que ter\u00e1 en conta as diferentes enquisas das persoas participantes e as opini\u00f3ns dos\/as t\u00e9cnicos\/as, docentes do proxecto.<\/div>\n\t\t\t\t\t<\/div>\n<\/div>\n<\/div><\/div><\/div><\/div><div id=\"pg-1791-9\"  class=\"panel-grid panel-has-style\" ><div class=\"panel-row-style panel-row-style-for-1791-9\" ><div id=\"pgc-1791-9-0\"  class=\"panel-grid-cell\" ><div id=\"panel-1791-9-0-0\" class=\"so-panel widget widget_themegrill_flash_heading tg-widget section-title-wrapper panel-first-child\" data-index=\"18\" >\t<h3 class=\"section-title\">CONTIDOS DA ACCI\u00d3N FORMATIVA<\/h3>\n\t<div class=\"section-description\">Os contidos organ\u00edzanse en 2 bloques tem\u00e1ticos, o que implica 11 m\u00f3dulos a impartir, seg\u00fan o seguinte esquema<\/div>\n<\/div><div id=\"panel-1791-9-0-1\" class=\"so-panel widget widget_text panel-last-child\" data-index=\"19\" >\t\t\t<div class=\"textwidget\"><table style=\"height: 629px;\" width=\"1100\">\n<tbody>\n<tr>\n<td>Tipo de formaci\u00f3n<\/td>\n<td>M\u00f3dulo Formativo<\/td>\n<\/tr>\n<tr>\n<td rowspan=\"7\">P\u00edldoras Formativas<\/td>\n<td>1.- Simulaci\u00f3ns de entrevistas e din\u00e1micas grupais<\/td>\n<\/tr>\n<tr>\n<td>2.- T\u00e9cnicas de expresi\u00f3n oral<\/td>\n<\/tr>\n<tr>\n<td>3.- Dese\u00f1o do Cv e cartas de presentaci\u00f3n<\/td>\n<\/tr>\n<tr>\n<td>4.- Infojobs e Linkedin para a procura de emprego<\/td>\n<\/tr>\n<tr>\n<td>5.- Curso de Instagram: dese\u00f1a o teu feed con Canva e elaboraci\u00f3n de textos profesionais<\/td>\n<\/tr>\n<tr>\n<td>6.- Define o teu obxectivo profesional<\/td>\n<\/tr>\n<tr>\n<td>7.- Bo uso da Intelixencia Artificial na procura de emprego<\/td>\n<\/tr>\n<tr>\n<td rowspan=\"4\">Cursos<\/td>\n<td>8.- Marketing Dixital<\/td>\n<\/tr>\n<tr>\n<td>9. Acreditaci\u00f3n Docente para a Teleformaci\u00f3n<\/td>\n<\/tr>\n<tr>\n<td>10. PRL b\u00e1sico<\/td>\n<\/tr>\n<tr>\n<td>11. Ingl\u00e9s<\/td>\n<\/tr>\n<\/tbody>\n<\/table>\n<\/div>\n\t\t<\/div><\/div><\/div><\/div><div id=\"pg-1791-10\"  class=\"panel-grid panel-no-style\" ><div id=\"pgc-1791-10-0\"  class=\"panel-grid-cell\" ><div id=\"panel-1791-10-0-0\" class=\"so-panel widget widget_themegrill_flash_cta tg-widget call-to-action-section panel-first-child\" data-index=\"20\" ><div class=\"panel-widget-style panel-widget-style-for-1791-10-0-0\" ><div class=\"cta-wrapper \">\n\t<div class=\"section-title-wrapper\">\n\t\t\t\t<h3 class=\"section-title\">EST\u00c1S SEN EMPREGO OU NECESITAS ORIENTACI\u00d3N?<\/h3>\n\t\t\t<\/div>\n\t\t<div class=\"btn-wrapper\">\n\t\t\t\t<a class=\"btn\" href=\"\/index.php\/contactar\/\">Axud\u00e1mosche gratis!<\/a>\n\t\t\t\t\t<\/div>\n\t<\/div>\n<\/div><\/div><div id=\"panel-1791-10-0-1\" class=\"so-panel widget widget_themegrill_flash_heading tg-widget section-title-wrapper\" data-index=\"21\" >\t<h3 class=\"section-title\">FINANCIADO POR<\/h3>\n<\/div><div id=\"panel-1791-10-0-2\" class=\"so-panel widget widget_themegrill_flash_image tg-widget tg-image-widget panel-last-child\" data-index=\"22\" ><div class=\"panel-widget-style panel-widget-style-for-1791-10-0-2\" >\t<a href=\"http:\/\/www.coruna.gal\/portal\/es?argIdioma=es\"><img decoding=\"async\" src=\"https:\/\/chave.cec.es\/wp-content\/uploads\/2020\/09\/logotipoAyuntamientoCoruna2020.png\" \/><\/a>\n<\/div><\/div><\/div><\/div><\/div>","protected":false},"excerpt":{"rendered":"<p>Dende o ano 2018 a Confederaci\u00f3n de Empresarios de La Coru\u00f1a (CEC) ten subscrito un convenio co Concello da Coru\u00f1a [&hellip;]<\/p>\n","protected":false},"author":1,"featured_media":0,"parent":0,"menu_order":0,"comment_status":"closed","ping_status":"closed","template":"page-templates\/full-width.php","meta":{"footnotes":""},"class_list":["post-1791","page","type-page","status-publish","hentry"],"_links":{"self":[{"href":"https:\/\/chave.cec.es\/index.php\/wp-json\/wp\/v2\/pages\/1791","targetHints":{"allow":["GET"]}}],"collection":[{"href":"https:\/\/chave.cec.es\/index.php\/wp-json\/wp\/v2\/pages"}],"about":[{"href":"https:\/\/chave.cec.es\/index.php\/wp-json\/wp\/v2\/types\/page"}],"author":[{"embeddable":true,"href":"https:\/\/chave.cec.es\/index.php\/wp-json\/wp\/v2\/users\/1"}],"replies":[{"embeddable":true,"href":"https:\/\/chave.cec.es\/index.php\/wp-json\/wp\/v2\/comments?post=1791"}],"version-history":[{"count":9,"href":"https:\/\/chave.cec.es\/index.php\/wp-json\/wp\/v2\/pages\/1791\/revisions"}],"predecessor-version":[{"id":1794,"href":"https:\/\/chave.cec.es\/index.php\/wp-json\/wp\/v2\/pages\/1791\/revisions\/1794"}],"wp:attachment":[{"href":"https:\/\/chave.cec.es\/index.php\/wp-json\/wp\/v2\/media?parent=1791"}],"curies":[{"name":"wp","href":"https:\/\/api.w.org\/{rel}","templated":true}]}}